{"id":1024,"date":"2020-04-09T20:48:07","date_gmt":"2020-04-09T20:48:07","guid":{"rendered":"https:\/\/onleyinitiative.ca\/home-clone\/"},"modified":"2023-10-27T15:14:45","modified_gmt":"2023-10-27T19:14:45","slug":"celebration-showcase","status":"publish","type":"page","link":"https:\/\/onleyinitiative.ca\/fr\/events\/celebration-showcase\/","title":{"rendered":"Celebration Showcase"},"content":{"rendered":"<section class=\"l-section wpb_row top-home height_medium with_img\" id=\"top-banner\"><div class=\"l-section-img\" role=\"img\" data-img-width=\"3408\" data-img-height=\"5017\" style=\"background-image: url(https:\/\/onleyinitiative.ca\/wp-content\/uploads\/2020\/04\/DCOI_CS_Intropane_image_w_yellow.png);background-repeat: no-repeat;background-size: contain;\"><\/div><div class=\"l-section-overlay\" style=\"background:#a6acbd\"><\/div><div class=\"l-section-h i-cf\"><div class=\"g-cols vc_row via_grid cols_1 laptops-cols_inherit tablets-cols_inherit mobiles-cols_1 valign_top type_default stacking_default\"><div class=\"wpb_column vc_column_container\"><div class=\"vc_column-inner\"><div class=\"wpb_text_column us_custom_3fb4e952\" id=\"showcase-text\"><div class=\"wpb_wrapper\"><div class=\"header-container\">\n<div class=\"ribbon\">VITRINE DE<\/div>\n<h1 class=\"showcase_header\" title=\"L\u2019Initiative David C. Onley\">C\u00c9L\u00c9BRATION<\/h1>\n<\/div>\n<p class=\" translation-block\">L\u2019Initiative David C. Onley pour l\u2019emploi et l\u2019entrepreneuriat (IDCO) \u00e9tait un partenariat entre l\u2019Universit\u00e9 d\u2019Ottawa, le Coll\u00e8ge Algonquin, La Cit\u00e9 et l\u2019Universit\u00e9 Carleton. Cette page a \u00e9t\u00e9 cr\u00e9\u00e9e pour souligner le travail de l\u2019Initiative en pr\u00e9sentant certains des principaux jalons, activit\u00e9s et r\u00e9sultats associ\u00e9s au projet.<\/p>\n<\/div><\/div>\n\t<div class=\"wpb_raw_code wpb_content_element wpb_raw_html\" >\n\t\t<div class=\"wpb_wrapper\">\n\t\t\t<ul class=\"top-banner-list\">\n\t<li class=\"\"><a class=\"top-banner-link smooth-scroll\" href=\"#thankyou-row\">Remarques<\/a><\/li>\n\t<li class=\"\"><a class=\"top-banner-link smooth-scroll\" href=\"#dcoihighlights-row\">Points forts de l'IDCO<\/a><\/li>\n\t<li class=\"\"><a class=\"top-banner-link smooth-scroll\" href=\"#poster-row\">Vitrine d'Affiches<\/a><\/li>\n\t<li class=\"\"><a class=\"top-banner-link smooth-scroll\" href=\"#dcoigallery-row\">Les photos<\/a><\/li>\n\t<li class=\"\"><a class=\"top-banner-link smooth-scroll\" href=\"#toolsandresources-row\">Ressources<\/a><\/li>\n\t<li class=\"\"><a class=\"top-banner-link smooth-scroll\" href=\"#abletoimage-row\">#Pr\u00eat\u00c0<\/a><\/li>\n\t<li class=\"\"><a class=\"top-banner-link smooth-scroll\" href=\"#partners-row\">Partenaires<\/a><\/li>\n<\/ul>\n\t\t<\/div>\n\t<\/div>\n<\/div><\/div><\/div><\/div><\/section><section class=\"l-section wpb_row height_medium\" id=\"thankyou-row\"><div class=\"l-section-h i-cf\"><div class=\"g-cols vc_row via_grid cols_2 laptops-cols_inherit tablets-cols_inherit mobiles-cols_1 valign_top type_default stacking_default\"><div class=\"wpb_column vc_column_container us_custom_d1015491\"><div class=\"vc_column-inner\"><div class=\"w-video is-english align_none ratio_16x9 has_iframe\"><div class=\"w-video-h\"><iframe title=\"Youtube video player\" src=\"\/\/www.youtube.com\/embed\/hHvJ2u6fA4E?origin=https:\/\/onleyinitiative.ca\/fr&controls=1\" allowfullscreen=\"1\" loading=\"lazy\"><\/iframe><\/div><div class=\"w-video-icon\" style=\"font-size:1.5rem;background:rgba(0,0,0,0.5);color:#fff\"><\/div><\/div><div class=\"w-video is-french align_none ratio_16x9 has_iframe\"><div class=\"w-video-h\"><iframe title=\"Youtube video player\" src=\"\/\/www.youtube.com\/embed\/YABa0q5FxHU?origin=https:\/\/onleyinitiative.ca\/fr&controls=1\" allowfullscreen=\"1\" loading=\"lazy\"><\/iframe><\/div><div class=\"w-video-icon\" style=\"font-size:1.5rem;background:rgba(0,0,0,0.5);color:#fff\"><\/div><\/div><div class=\"wpb_text_column\"><div class=\"wpb_wrapper\"><p style=\"text-align: center;\">Sous-titres disponibles dans les param\u00e8tres du lecteur<\/p>\n<\/div><\/div><\/div><\/div><div class=\"wpb_column vc_column_container\"><div class=\"vc_column-inner\"><div class=\"wpb_text_column\"><div class=\"wpb_wrapper\"><h1>Le voyage<\/h1>\n<p>L\u2019Initiative David C. Onley (IDCO) \u00e9tait v\u00e9ritablement un projet de collaboration. Elle r\u00e9unissait des bureaux de d\u00e9veloppement de carri\u00e8re et de services aux \u00e9tudiants et \u00e9tudiantes en situation de handicap, des \u00e9tudiants et \u00e9tudiantes de niveau postsecondaire, de nouveaux dipl\u00f4m\u00e9s et dipl\u00f4m\u00e9es, des membres tr\u00e8s engag\u00e9s du corps enseignant, des employeurs, de jeunes entreprises et des fournisseurs de services communautaires de la r\u00e9gion m\u00e9tropolitaine d\u2019Ottawa et des quatre coins de l\u2019Ontario.<\/p>\n<p>Nous remercions sinc\u00e8rement l\u2019honorable David C. Onley d\u2019avoir t\u00e9moign\u00e9 un soutien continu pour le travail de l\u2019Initiative et d\u2019avoir \u00e9t\u00e9 l\u2019un de ses principaux ambassadeurs. L\u2019appui de l\u2019ensemble de notre \u00e9quipe et des parties prenantes a \u00e9t\u00e9 unique et a eu une \u00e9norme incidence. Nous remercions toutes les personnes qui ont jou\u00e9 un r\u00f4le essentiel dans le succ\u00e8s l\u2019Initiative.<\/p>\n<p>Nous aimerions \u00e9galement remercier le minist\u00e8re de la Formation et des Coll\u00e8ges et Universit\u00e9s d\u2019avoir accord\u00e9 le soutien financier pour poursuivre ces recherches.<\/p>\n<p><strong><img loading=\"lazy\" decoding=\"async\" class=\"alignnone size-full wp-image-1212\" src=\"https:\/\/onleyinitiative.ca\/wp-content\/uploads\/2020\/04\/200px-Julie-and-Tara-Signatures.jpg\" alt=\"\" width=\"200\" height=\"74\" \/><\/strong><\/p>\n<p><strong>Julie Caldwell<\/strong> directrice adjointe, Op\u00e9rations des programmes<br \/>\n<strong>Tara Connolly<\/strong> directrice adjointe, Recherche et d\u00e9veloppement<\/p>\n<\/div><\/div><\/div><\/div><\/div><\/div><\/section><section class=\"l-section wpb_row height_medium\" id=\"dcoihighlights-row\"><div class=\"l-section-h i-cf\"><div class=\"g-cols vc_row via_grid cols_2 laptops-cols_inherit tablets-cols_inherit mobiles-cols_1 valign_top type_default stacking_default\"><div class=\"wpb_column vc_column_container\"><div class=\"vc_column-inner\"><div class=\"wpb_text_column white-background\"><div class=\"wpb_wrapper\"><h1>L\u2019Initiative <a href=\"https:\/\/carleton.ca\/read\/\" target=\"_blank\" rel=\"noopener noreferrer\">READ Initiative<\/a> a \u00e9t\u00e9 lanc\u00e9e l'IDCO en juillet 2018 et a pris fin en avril 2020.<\/h1>\n<p>L\u2019Initiative avait pour mission de partager les connaissances, les outils et les ressources, et de mieux faire conna\u00eetre les barri\u00e8res qui emp\u00eachent les \u00e9tudiants et \u00e9tudiantes de niveau postsecondaire en situation de handicap de trouver un emploi int\u00e9ressant et valorisant.<\/p>\n<\/div><\/div><div class=\"wpb_text_column navy-background\"><div class=\"wpb_wrapper\"><h1>Nous avons form\u00e9 un comit\u00e9 consultatif qui se r\u00e9unissait chaque mois.<\/h1>\n<p class=\" translation-block\">Il \u00e9tait compos\u00e9 <a href=\"http:\/\/onleyinitiative.ca\/fr\/partners\/\" target=\"_blank\"> de directeurs et de gestionnaires <\/a> provenant de chacun des bureaux de d\u00e9veloppement de carri\u00e8re et de services aux \u00e9tudiants et \u00e9tudiantes en situation de handicap des quatre campus. Ce comit\u00e9 a contribu\u00e9 \u00e0 faire en sorte que l\u2019Initiative maintenait le cap, a orient\u00e9 les discussions et a soutenu la r\u00e9ussite des \u00e9tapes du projet.<\/p>\n<\/div><\/div><\/div><\/div><div class=\"wpb_column vc_column_container col-offset\"><div class=\"vc_column-inner\"><div class=\"wpb_text_column navy-background\"><div class=\"wpb_wrapper\"><h1>Nous avions le plein soutien de ce que nous appelons la \u00ab ville de l\u2019\u00e9ducation \u00bb ici \u00e0 Ottawa.<\/h1>\n<p>Les recteurs et PDG des quatre \u00e9tablissements postsecondaires offraient un appui sans r\u00e9serve, du sommet \u00e0 la base de la hi\u00e9rarchie, pour garantir le succ\u00e8s et les retomb\u00e9es du travail de l\u2019Initiative.<\/p>\n<\/div><\/div><div class=\"wpb_text_column white-background\"><div class=\"wpb_wrapper\"><div class=\"highlight-white\">\n<h1 class=\" translation-block\">L\u2019\u00e9quipe de l\u2019IDCO \u00e9tait compos\u00e9e de <a href=\"http:\/\/onleyinitiative.ca\/fr\/the-team\/\" target=\"_blank\"> 24 membres d\u00e9vou\u00e9s. <\/a><\/h1>\n<p>Ils \u00e9taient responsables des volets de recherche et de d\u00e9veloppement de l\u2019Initiative, ainsi que des activit\u00e9s quotidiennes, des communications avec les employeurs et du soutien aux \u00e9v\u00e9nements et \u00e0 la formation.<\/p>\n<\/div>\n<\/div><\/div><\/div><\/div><\/div><\/div><\/section><section class=\"l-section wpb_row height_medium\" id=\"video-row\"><div class=\"l-section-h i-cf\"><div class=\"g-cols vc_row via_grid cols_1 laptops-cols_inherit tablets-cols_inherit mobiles-cols_1 valign_top type_default stacking_default\"><div class=\"wpb_column vc_column_container\"><div class=\"vc_column-inner\">\t\t<section class=\"tdt-slider slider default-tdt\" id=\"tdt-slider-404\" data-slide=\"1\" data-tabs=\"1\" data-slick='{\"arrows\": true, \"autoplaySpeed\": 2500, \"dots\": false, \"autoplay\": false, \"infinite\": true, \"adaptiveHeight\": true, \"pauseOnHover\": true, \"slidesToShow\": 1, \"slidesToScroll\": 1, \"fade\": false}'>\n\t\t    \t\t<div class=\"carousel-caption\" style=\"background: none;\">\n\t\t  <div>\n\t\t  \t\t\t\t\t\t\t\t\t  \t<span class=\"content-section\" style=\"text-align: center;\">\n\t\t  \t\t\t\t\t  \t\t\t\t  \t\n\t\t\t  \t<iframe loading=\"lazy\" class=\"video-iframe\" src=\"https:\/\/player.vimeo.com\/video\/411032649\" width=\"854\" height=\"480\" frameborder=\"0\" allowfullscreen=\"allowfullscreen\"><\/iframe><\/p>\n<p>Sous-titres disponibles dans les param\u00e8tres du lecteur. Faites d\u00e9filer pour voir tous les messages vid\u00e9o.<\/p>\n<br>\n\n\t\t\t  \t\t\t  \t<\/span>\n\t\t  <\/div>\n\t\t<\/div>\n\t\t\t\t<div class=\"carousel-caption\" style=\"background: none;\">\n\t\t  <div>\n\t\t  \t\t\t\t\t\t\t\t\t  \t<span class=\"content-section\" style=\"text-align: center;\">\n\t\t  \t\t\t\t\t  \t\t\t\t  \t\n\t\t\t  \t<iframe loading=\"lazy\" class=\"video-iframe\" src=\"https:\/\/player.vimeo.com\/video\/411032408\" width=\"854\" height=\"480\" frameborder=\"0\" allowfullscreen=\"allowfullscreen\"><\/iframe><\/p>\n<p>Sous-titres disponibles dans les param\u00e8tres du lecteur. Faites d\u00e9filer pour voir tous les messages vid\u00e9o.<\/p>\n<br>\n\n\t\t\t  \t\t\t  \t<\/span>\n\t\t  <\/div>\n\t\t<\/div>\n\t\t\t\t<div class=\"carousel-caption\" style=\"background: none;\">\n\t\t  <div>\n\t\t  \t\t\t\t\t\t\t\t\t  \t<span class=\"content-section\" style=\"text-align: center;\">\n\t\t  \t\t\t\t\t  \t\t\t\t  \t\n\t\t\t  \t<iframe loading=\"lazy\" class=\"video-iframe\" src=\"https:\/\/player.vimeo.com\/video\/411032894\" width=\"854\" height=\"480\" frameborder=\"0\" allowfullscreen=\"allowfullscreen\"><\/iframe><\/p>\n<p>Sous-titres disponibles dans les param\u00e8tres du lecteur. Faites d\u00e9filer pour voir tous les messages vid\u00e9o.<br>\n\n\t\t\t  \t\t\t  \t<\/span>\n\t\t  <\/div>\n\t\t<\/div>\n\t\t\t\t<div class=\"carousel-caption\" style=\"background: none;\">\n\t\t  <div>\n\t\t  \t\t\t\t\t\t\t\t\t  \t<span class=\"content-section\" style=\"text-align: center;\">\n\t\t  \t\t\t\t\t  \t\t\t\t  \t\n\t\t\t  \t<iframe loading=\"lazy\" class=\"video-iframe\" src=\"https:\/\/player.vimeo.com\/video\/412069119\" width=\"854\" height=\"480\" frameborder=\"0\" allowfullscreen=\"allowfullscreen\"><\/iframe><\/p>\n<p>Sous-titres disponibles dans les param\u00e8tres du lecteur. Faites d\u00e9filer pour voir tous les messages vid\u00e9o.<br>\n\n\t\t\t  \t\t\t  \t<\/span>\n\t\t  <\/div>\n\t\t<\/div>\n\t\t\t\t<div class=\"carousel-caption\" style=\"background: none;\">\n\t\t  <div>\n\t\t  \t\t\t\t\t\t\t\t\t  \t<span class=\"content-section\" style=\"text-align: center;\">\n\t\t  \t\t\t\t\t  \t\t\t\t  \t\n\t\t\t  \t<iframe loading=\"lazy\" class=\"video-iframe\" src=\"https:\/\/player.vimeo.com\/video\/411032779\" width=\"854\" height=\"480\" frameborder=\"0\" allowfullscreen=\"allowfullscreen\"><\/iframe><\/p>\n<p>Sous-titres disponibles dans les param\u00e8tres du lecteur. Faites d\u00e9filer pour voir tous les messages vid\u00e9o.<\/p>\n<br>\n\n\t\t\t  \t\t\t  \t<\/span>\n\t\t  <\/div>\n\t\t<\/div>\n\t\t\t\t<div class=\"carousel-caption\" style=\"background: none;\">\n\t\t  <div>\n\t\t  \t\t\t\t\t\t\t\t\t  \t<span class=\"content-section\" style=\"text-align: center;\">\n\t\t  \t\t\t\t\t  \t\t\t\t  \t\n\t\t\t  \t<iframe loading=\"lazy\" class=\"video-iframe\" src=\"https:\/\/player.vimeo.com\/video\/411032553\" width=\"854\" height=\"480\" frameborder=\"0\" allowfullscreen=\"allowfullscreen\"><\/iframe><\/p>\n<p>Sous-titres disponibles dans les param\u00e8tres du lecteur. Faites d\u00e9filer pour voir tous les messages vid\u00e9o.<\/p>\n<br>\n\n\t\t\t  \t\t\t  \t<\/span>\n\t\t  <\/div>\n\t\t<\/div>\n\t\t\t\t<\/section>\n\n\t\t<style>\n\t\t#tdt-slider-404 .slick-dots li button:before{\n\t\t\tcolor: #000;\n\t\t\tborder: 2px solid transparent;\n\t\t}\n\t\t#tdt-slider-404 .slick-next:before {\n\t\t\tcolor: #ffffff !important;\n\t\t\tfont-size: 30px !important;\n\t\t}\n\t\t#tdt-slider-404 .slick-prev:before {\n\t\t\tcolor: #ffffff !important;\n\t\t\tfont-size: 30px !important;\n\t\t}\n\t\t#tdt-slider-404 .slick-dots li.slick-active button:before {\n\t\t\topacity: 1 !important;\n\t\t}\n\t\t#tdt-slider-404.content-over-slider .slick-slide .content-section {\n\t\t\ttop: 30px;\n\t\t}\n\t\t#tdt-slider-404 .slick-slide {\n\t\t\tpadding: 0 0px !important;\n\t\t}\n\t\t@media only screen and (max-width: 480px) {\n\t\t\t#tdt-slider-404.content-over-slider .slick-slide .content-section {\n\t\t\t\ttop: 35px !important;\n\t\t\t}\n\t\t\t#tdt-slider-404.content-over-slider .ultimate-slide-img {\n\t\t\t\theight:  !important;\n\t\t\t}\n\t\t}\n\t\t<\/style>\n\t\t<\/div><\/div><\/div><\/div><\/section><section class=\"l-section wpb_row height_medium\" id=\"poster-row\"><div class=\"l-section-h i-cf\"><div class=\"g-cols vc_row via_grid cols_2 laptops-cols_inherit tablets-cols_inherit mobiles-cols_1 valign_top type_default stacking_default\"><div class=\"wpb_column vc_column_container\" id=\"poster-image\"><div class=\"vc_column-inner\">\n\t<div class=\"wpb_raw_code wpb_content_element wpb_raw_html\" >\n\t\t<div class=\"wpb_wrapper\">\n\t\t\t<p class=\"poster-list-mobile\">Click below to select poster:<\/p>\n<select class=\"poster-list-mobile\">\n\t<option>\u00c9v\u00e9nements accessibles<\/option>\n\t<option>Le Coll\u00e8ge Algonquin (Anglais seulement)<\/option>\n\t<option>Universit\u00e9 Carleton<\/option>\n\t<option>Collaborateurs communautaires<\/option>\n\t<option>Engagement communautaire<\/option>\n\t<option>Mobilisation des employeurs<\/option>\n\t<option>Entrepreneuriat<\/option>\n\t<option>Conseiller des cheminements vers l\u2019emploi<\/option>\n\t<option>Le coll\u00e8ge La Cit\u00e9<\/option>\n\t<option>Salons<\/option>\n\t<option>P\u00e9nurie de main-d\u2019\u0153uvre<\/option>\n\t<option>L\u2019Universit\u00e9 d\u2019Ottawa<\/option>\n<\/select>\n\t\t<\/div>\n\t<\/div>\n<div class=\"wpb_text_column\"><div class=\"wpb_wrapper\"><div>\n<h1 id=\"poster-title\"><\/h1>\n<p id=\"poster-copy\">\n<\/div>\n<\/div><\/div><div class=\"wpb_text_column\"><div class=\"wpb_wrapper\"><p><a class=\"click-to-enlarge-link\" target=\"_blank\" rel=\"noopener noreferrer\">CLICK TO VIEW (ACCESSIBLE PDF)<\/a><\/p>\n<\/div><\/div>\n\t<div class=\"wpb_raw_code wpb_content_element wpb_raw_html\" >\n\t\t<div class=\"wpb_wrapper\">\n\t\t\t<a target=\"blank\">\n  <img>\n<\/a>\n\t\t<\/div>\n\t<\/div>\n<\/div><\/div><div class=\"wpb_column vc_column_container\"><div class=\"vc_column-inner\">\n\t<div class=\"wpb_raw_code wpb_content_element wpb_raw_html\" >\n\t\t<div class=\"wpb_wrapper\">\n\t\t\t<ul class=\"poster-list\">\n\t<li>\n\t\t<a class=\"poster-link\">\u00c9v\u00e9nements accessibles<\/a>\n\t<\/li>\n\t<li>\n\t\t<a class=\"poster-link\">Le Coll\u00e8ge Algonquin (Anglais seulement)<\/a>\n\t<\/li>\n\t<li>\n\t\t<a class=\"poster-link\">Universit\u00e9 Carleton<\/a>\n\t<\/li>\n\t<li>\n\t\t<a class=\"poster-link\">Collaborateurs communautaires<\/a>\n\t<\/li>\n\t<li>\n\t\t<a class=\"poster-link\">Engagement communautaire<\/a>\n\t<\/li>\n\t<li>\n\t\t<a class=\"poster-link\">Mobilisation des employeurs<\/a>\n\t<\/li>\n\t<li>\n\t\t<a class=\"poster-link\">Entrepreneuriat<\/a>\n\t<\/li>\n\t<li>\n\t\t<a class=\"poster-link\">Conseiller des cheminements vers l\u2019emploi<\/a>\n\t<\/li>\n\t<li>\n\t\t<a class=\"poster-link\">Le coll\u00e8ge La Cit\u00e9<\/a>\n\t<\/li>\n\t<li>\n\t\t<a class=\"poster-link\">Salons<\/a>\n\t<\/li>\n\t<li>\n\t\t<a class=\"poster-link\">P\u00e9nurie de main-d\u2019\u0153uvre<\/a>\n\t<\/li>\n\t<li>\n\t\t<a class=\"poster-link\">L\u2019Universit\u00e9 d\u2019Ottawa<\/a>\n\t<\/li>\n<\/ul>\n\t\t<\/div>\n\t<\/div>\n<\/div><\/div><\/div><\/div><\/section><section class=\"l-section wpb_row height_medium\" id=\"dcoigallery-row\"><div class=\"l-section-h i-cf\"><div class=\"g-cols vc_row via_grid cols_1 laptops-cols_inherit tablets-cols_inherit mobiles-cols_1 valign_top type_default stacking_default\"><div class=\"wpb_column vc_column_container\"><div class=\"vc_column-inner\">\t\t<section class=\"tdt-slider slider content-over-slider\" id=\"tdt-slider-362\" data-slide=\"1\" data-tabs=\"1\" data-slick='{\"arrows\": true, \"autoplaySpeed\": 2500, \"dots\": false, \"autoplay\": false, \"infinite\": true, \"adaptiveHeight\": true, \"pauseOnHover\": true, \"slidesToShow\": 1, \"slidesToScroll\": 1, \"fade\": false}'>\n\t\t    \t\t<div class=\"carousel-caption\" style=\"background: none;\">\n\t\t  <div>\n\t\t  \t\t\t\t\t\t\t  \t<img decoding=\"async\" src=\"https:\/\/onleyinitiative.ca\/wp-content\/uploads\/2020\/04\/2020-04-26-resized.png\" alt=\"Students register at the DCOI's PSC Pathways to Employment event at the Shaw Centre.\" class=\"ultimate-slide-img\" style=\"max-width: 100%; width: ; height: ; border-radius: 0px; margin-bottom: 15px;\">\n\t\t\t\t\t\t\t\t  \t<span class=\"content-section\" style=\"text-align: center;\">\n\t\t  \t\t\t\t\t  \t\t\t\t\t  \t<span class=\"heading-line\" style=\"display: block;\">\n\t\t\t\t  \t\t<span class=\"heading-line\" style=\"width: 50px; border-bottom: 0px solid #fff; display: inline-block;\"><\/span>\n\t\t\t\t  \t<\/span>\n\t\t\t  \t\t\t\t  \t\n\t\t\t  \t\n<div class=\"content-section-content\">\u00c9v\u00e9nement de la CFP\u00a0: Plus de 150\u00a0\u00e9tudiants et \u00e9tudiantes ont particip\u00e9 \u00e0 l\u2019\u00e9v\u00e9nement Cheminements vers l\u2019emploi de la Commission de la fonction publique au Centre Shaw.<\/div>\n<br>\n\n\t\t\t  \t\t\t  \t<\/span>\n\t\t  <\/div>\n\t\t<\/div>\n\t\t\t\t<div class=\"carousel-caption\" style=\"background: none;\">\n\t\t  <div>\n\t\t  \t\t\t\t\t\t\t  \t<img decoding=\"async\" src=\"https:\/\/onleyinitiative.ca\/wp-content\/uploads\/2020\/04\/93.jpg\" alt=\"Students engage with federal government representatives at the PSC Pathways to Employment event.\" class=\"ultimate-slide-img\" style=\"max-width: 100%; width: ; height: ; border-radius: 0px; margin-bottom: 15px;\">\n\t\t\t\t\t\t\t\t  \t<span class=\"content-section\" style=\"text-align: center;\">\n\t\t  \t\t\t\t\t  \t\t\t\t  \t\n\t\t\t  \t\n<div class=\"content-section-content\">\u00c9v\u00e9nement de la CFP\u00a0: Plus de 200\u00a0repr\u00e9sentants du gouvernement f\u00e9d\u00e9ral \u00e9taient pr\u00e9sents.<\/div>\n<br>\n\n\t\t\t  \t\t\t  \t<\/span>\n\t\t  <\/div>\n\t\t<\/div>\n\t\t\t\t<div class=\"carousel-caption\" style=\"background: none;\">\n\t\t  <div>\n\t\t  \t\t\t\t\t\t\t  \t<img decoding=\"async\" src=\"https:\/\/onleyinitiative.ca\/wp-content\/uploads\/2020\/04\/105.jpg\" alt=\"Three DCOI volunteers share a smile.\" class=\"ultimate-slide-img\" style=\"max-width: 100%; width: ; height: ; border-radius: 0px; margin-bottom: 15px;\">\n\t\t\t\t\t\t\t\t  \t<span class=\"content-section\" style=\"text-align: center;\">\n\t\t  \t\t\t\t\t  \t\t\t\t  \t\n\t\t\t  \t\n<div class=\"content-section-content\">\u00c9v\u00e9nement de la CFP\u00a0: Une \u00e9quipe de b\u00e9n\u00e9voles et d\u2019ambassadeurs de r\u00e9seautage aidait les participants \u00e0 s\u2019orienter lors de l\u2019\u00e9v\u00e9nement.<\/div>\n<br>\n\n\t\t\t  \t\t\t  \t<\/span>\n\t\t  <\/div>\n\t\t<\/div>\n\t\t\t\t<div class=\"carousel-caption\" style=\"background: none;\">\n\t\t  <div>\n\t\t  \t\t\t\t\t\t\t  \t<img decoding=\"async\" src=\"https:\/\/onleyinitiative.ca\/wp-content\/uploads\/2020\/04\/120.jpg\" alt=\"A PSC HR representative explains how to use the federal government's online application process.\" class=\"ultimate-slide-img\" style=\"max-width: 100%; width: ; height: ; border-radius: 0px; margin-bottom: 15px;\">\n\t\t\t\t\t\t\t\t  \t<span class=\"content-section\" style=\"text-align: center;\">\n\t\t  \t\t\t\t\t  \t\t\t\t  \t\n\t\t\t  \t\n<div class=\"content-section-content\">\u00c9v\u00e9nement de la CFP\u00a0: Des ateliers interactifs en anglais et en fran\u00e7ais \u00e9taient anim\u00e9s par des repr\u00e9sentants des ressources humaines de la CFP.<\/div>\n<br>\n\n\t\t\t  \t\t\t  \t<\/span>\n\t\t  <\/div>\n\t\t<\/div>\n\t\t\t\t<div class=\"carousel-caption\" style=\"background: none;\">\n\t\t  <div>\n\t\t  \t\t\t\t\t\t\t  \t<img decoding=\"async\" src=\"https:\/\/onleyinitiative.ca\/wp-content\/uploads\/2020\/04\/131.jpg\" alt=\"Students take notes during a workshop.\" class=\"ultimate-slide-img\" style=\"max-width: 100%; width: ; height: ; border-radius: 0px; margin-bottom: 15px;\">\n\t\t\t\t\t\t\t\t  \t<span class=\"content-section\" style=\"text-align: center;\">\n\t\t  \t\t\t\t\t  \t\t\t\t  \t\n\t\t\t  \t\n<div class=\"content-section-content\">\u00c9v\u00e9nement de la CFP\u00a0: Ces ateliers ont aid\u00e9 les participants \u00e0 s\u2019orienter dans le processus de candidature en ligne du gouvernement f\u00e9d\u00e9ral, tant pour le PFETE que pour Emplois GC.<\/div>\n<br>\n\n\t\t\t  \t\t\t  \t<\/span>\n\t\t  <\/div>\n\t\t<\/div>\n\t\t\t\t<div class=\"carousel-caption\" style=\"background: none;\">\n\t\t  <div>\n\t\t  \t\t\t\t\t\t\t  \t<img decoding=\"async\" src=\"https:\/\/onleyinitiative.ca\/wp-content\/uploads\/2020\/04\/149.jpg\" alt=\"Algonquin College representatives are on-hand to assist students at the PSC Pathways to Employment event.\" class=\"ultimate-slide-img\" style=\"max-width: 100%; width: ; height: ; border-radius: 0px; margin-bottom: 15px;\">\n\t\t\t\t\t\t\t\t  \t<span class=\"content-section\" style=\"text-align: center;\">\n\t\t  \t\t\t\t\t  \t\t\t\t  \t\n\t\t\t  \t\n<div class=\"content-section-content\">\u00c9v\u00e9nement de la CFP\u00a0: Des repr\u00e9sentants des services venant en aide aux \u00e9tudiants et \u00e9tudiantes en situation de handicap des quatre \u00e9tablissements postsecondaires \u00e9taient sur place.<\/div>\n<br>\n\n\t\t\t  \t\t\t  \t<\/span>\n\t\t  <\/div>\n\t\t<\/div>\n\t\t\t\t<div class=\"carousel-caption\" style=\"background: none;\">\n\t\t  <div>\n\t\t  \t\t\t\t\t\t\t  \t<img decoding=\"async\" src=\"https:\/\/onleyinitiative.ca\/wp-content\/uploads\/2020\/04\/146.jpg\" alt=\"A La Cit\u00e9 representative poses in the Networking Career Caf\u00e9.\" class=\"ultimate-slide-img\" style=\"max-width: 100%; width: ; height: ; border-radius: 0px; margin-bottom: 15px;\">\n\t\t\t\t\t\t\t\t  \t<span class=\"content-section\" style=\"text-align: center;\">\n\t\t  \t\t\t\t\t  \t\t\t\t  \t\n\t\t\t  \t\n<div class=\"content-section-content\">\u00c9v\u00e9nement de la CFP\u00a0: Ces repr\u00e9sentants aidaient et renseignaient les \u00e9tudiants et \u00e9tudiantes au Caf\u00e9 de r\u00e9seautage informel.<\/div>\n<br>\n\n\t\t\t  \t\t\t  \t<\/span>\n\t\t  <\/div>\n\t\t<\/div>\n\t\t\t\t<div class=\"carousel-caption\" style=\"background: none;\">\n\t\t  <div>\n\t\t  \t\t\t\t\t\t\t  \t<img decoding=\"async\" src=\"https:\/\/onleyinitiative.ca\/wp-content\/uploads\/2020\/04\/211.jpg\" alt=\"Intimate discussions between students and reps at the Networking Career Caf\u00e9.\" class=\"ultimate-slide-img\" style=\"max-width: 100%; width: ; height: ; border-radius: 0px; margin-bottom: 15px;\">\n\t\t\t\t\t\t\t\t  \t<span class=\"content-section\" style=\"text-align: center;\">\n\t\t  \t\t\t\t\t  \t\t\t\t  \t\n\t\t\t  \t\n<div class=\"content-section-content\">\u00c9v\u00e9nement de la CFP\u00a0: Les discussions individuelles \u00e9taient encourag\u00e9es et des espaces tranquilles \u00e9taient disponibles au Caf\u00e9 de r\u00e9seautage informel.<\/div>\n<br>\n\n\t\t\t  \t\t\t  \t<\/span>\n\t\t  <\/div>\n\t\t<\/div>\n\t\t\t\t<div class=\"carousel-caption\" style=\"background: none;\">\n\t\t  <div>\n\t\t  \t\t\t\t\t\t\t  \t<img decoding=\"async\" src=\"https:\/\/onleyinitiative.ca\/wp-content\/uploads\/2020\/04\/190.jpg\" alt=\"Students with mobility aids navigate the accessible PSC event.\" class=\"ultimate-slide-img\" style=\"max-width: 100%; width: ; height: ; border-radius: 0px; margin-bottom: 15px;\">\n\t\t\t\t\t\t\t\t  \t<span class=\"content-section\" style=\"text-align: center;\">\n\t\t  \t\t\t\t\t  \t\t\t\t  \t\n\t\t\t  \t\n<div class=\"content-section-content\">\u00c9v\u00e9nement de la CFP\u00a0: L\u2019\u00e9v\u00e9nement \u00e9tait con\u00e7u pour offrir aux \u00e9tudiants et \u00e9tudiantes et aux employeurs un environnement enti\u00e8rement accessible o\u00f9 il \u00e9tait facile de se d\u00e9placer.<\/div>\n<br>\n\n\t\t\t  \t\t\t  \t<\/span>\n\t\t  <\/div>\n\t\t<\/div>\n\t\t\t\t<div class=\"carousel-caption\" style=\"background: none;\">\n\t\t  <div>\n\t\t  \t\t\t\t\t\t\t  \t<img decoding=\"async\" src=\"https:\/\/onleyinitiative.ca\/wp-content\/uploads\/2020\/04\/4010.jpg\" alt=\"A group of students engages with Shopify team members.\" class=\"ultimate-slide-img\" style=\"max-width: 100%; width: ; height: ; border-radius: 0px; margin-bottom: 15px;\">\n\t\t\t\t\t\t\t\t  \t<span class=\"content-section\" style=\"text-align: center;\">\n\t\t  \t\t\t\t\t  \t\t\t\t  \t\n\t\t\t  \t\n<div class=\"content-section-content\">Salon de l\u2019Universit\u00e9 d\u2019Ottawa\u00a0: Des employeurs des secteurs public et priv\u00e9 \u00e9taient repr\u00e9sent\u00e9s lors des Salon des carri\u00e8res accessibles organis\u00e9s dans chacun des quatre \u00e9tablissements postsecondaires.<\/div>\n<br>\n\n\t\t\t  \t\t\t  \t<\/span>\n\t\t  <\/div>\n\t\t<\/div>\n\t\t\t\t<div class=\"carousel-caption\" style=\"background: none;\">\n\t\t  <div>\n\t\t  \t\t\t\t\t\t\t  \t<img decoding=\"async\" src=\"https:\/\/onleyinitiative.ca\/wp-content\/uploads\/2020\/04\/3969.jpg\" alt=\"The large open-concept venue presented an ideal location for an accessible event.\" class=\"ultimate-slide-img\" style=\"max-width: 100%; width: ; height: ; border-radius: 0px; margin-bottom: 15px;\">\n\t\t\t\t\t\t\t\t  \t<span class=\"content-section\" style=\"text-align: center;\">\n\t\t  \t\t\t\t\t  \t\t\t\t  \t\n\t\t\t  \t\n<div class=\"content-section-content\">Salon de l\u2019Universit\u00e9 d\u2019Ottawa\u00a0: Tous les salons des employeurs ont \u00e9t\u00e9 con\u00e7us pour \u00eatre enti\u00e8rement accessibles et offrir des espaces pour les discussions de groupe, des collations, un \u00e9clairage naturel lorsque possible et une tribune tranquille.<\/div>\n<br>\n\n\t\t\t  \t\t\t  \t<\/span>\n\t\t  <\/div>\n\t\t<\/div>\n\t\t\t\t<div class=\"carousel-caption\" style=\"background: none;\">\n\t\t  <div>\n\t\t  \t\t\t\t\t\t\t  \t<img decoding=\"async\" src=\"https:\/\/onleyinitiative.ca\/wp-content\/uploads\/2020\/04\/3430.jpg\" alt=\"A group of employers and HR representatives engage in forum discussions.\" class=\"ultimate-slide-img\" style=\"max-width: 100%; width: ; height: ; border-radius: 0px; margin-bottom: 15px;\">\n\t\t\t\t\t\t\t\t  \t<span class=\"content-section\" style=\"text-align: center;\">\n\t\t  \t\t\t\t\t  \t\t\t\t  \t\n\t\t\t  \t\n<div class=\"content-section-content\">Salon de l\u2019Universit\u00e9 Carleton\u00a0: Les Employer Knowledge Exchange Forums favorisaient la diffusion des meilleures pratiques et des approches utilis\u00e9es par les employeurs des secteurs public et priv\u00e9.<\/div>\n<br>\n\n\t\t\t  \t\t\t  \t<\/span>\n\t\t  <\/div>\n\t\t<\/div>\n\t\t\t\t<div class=\"carousel-caption\" style=\"background: none;\">\n\t\t  <div>\n\t\t  \t\t\t\t\t\t\t  \t<img decoding=\"async\" src=\"https:\/\/onleyinitiative.ca\/wp-content\/uploads\/2020\/04\/3462.jpg\" alt=\"A student with a mobility aid engages in a group discussion.\" class=\"ultimate-slide-img\" style=\"max-width: 100%; width: ; height: ; border-radius: 0px; margin-bottom: 15px;\">\n\t\t\t\t\t\t\t\t  \t<span class=\"content-section\" style=\"text-align: center;\">\n\t\t  \t\t\t\t\t  \t\t\t\t  \t\n\t\t\t  \t\n<div class=\"content-section-content\">Salon de l\u2019Universit\u00e9 Carleton\u00a0: Les discussions en petits groupes encourageaient le r\u00e9seautage informel et favorisaient les interactions entre les \u00e9tudiants et \u00e9tudiantes et les employeurs.<\/div>\n<br>\n\n\t\t\t  \t\t\t  \t<\/span>\n\t\t  <\/div>\n\t\t<\/div>\n\t\t\t\t<div class=\"carousel-caption\" style=\"background: none;\">\n\t\t  <div>\n\t\t  \t\t\t\t\t\t\t  \t<img decoding=\"async\" src=\"https:\/\/onleyinitiative.ca\/wp-content\/uploads\/2020\/04\/3468.jpg\" alt=\"Attendees engage in a group discussion around a table.\" class=\"ultimate-slide-img\" style=\"max-width: 100%; width: ; height: ; border-radius: 0px; margin-bottom: 15px;\">\n\t\t\t\t\t\t\t\t  \t<span class=\"content-section\" style=\"text-align: center;\">\n\t\t  \t\t\t\t\t  \t\t\t\t  \t\n\t\t\t  \t\n<div class=\"content-section-content\">Salon de l\u2019Universit\u00e9 Carleton\u00a0: Les ambassadeurs de r\u00e9seautage supervisaient les tables rondes pour faciliter et relancer les discussions au besoin.<\/div>\n<br>\n\n\t\t\t  \t\t\t  \t<\/span>\n\t\t  <\/div>\n\t\t<\/div>\n\t\t\t\t<div class=\"carousel-caption\" style=\"background: none;\">\n\t\t  <div>\n\t\t  \t\t\t\t\t\t\t  \t<img decoding=\"async\" src=\"https:\/\/onleyinitiative.ca\/wp-content\/uploads\/2020\/04\/3472.jpg\" alt=\"Two attendees discuss accessibility employment.\" class=\"ultimate-slide-img\" style=\"max-width: 100%; width: ; height: ; border-radius: 0px; margin-bottom: 15px;\">\n\t\t\t\t\t\t\t\t  \t<span class=\"content-section\" style=\"text-align: center;\">\n\t\t  \t\t\t\t\t  \t\t\t\t  \t\n\t\t\t  \t\n<div class=\"content-section-content\">Salon de l\u2019Universit\u00e9 Carleton\u00a0: Les discussions individuelles aidaient les \u00e9tudiants et \u00e9tudiantes \u00e0 entrer en contact avec les employeurs.<\/div>\n<br>\n\n\t\t\t  \t\t\t  \t<\/span>\n\t\t  <\/div>\n\t\t<\/div>\n\t\t\t\t<div class=\"carousel-caption\" style=\"background: none;\">\n\t\t  <div>\n\t\t  \t\t\t\t\t\t\t  \t<img decoding=\"async\" src=\"https:\/\/onleyinitiative.ca\/wp-content\/uploads\/2020\/04\/3513.jpg\" alt=\"Students wait in line to attend an event at Algonquin College.\" class=\"ultimate-slide-img\" style=\"max-width: 100%; width: ; height: ; border-radius: 0px; margin-bottom: 15px;\">\n\t\t\t\t\t\t\t\t  \t<span class=\"content-section\" style=\"text-align: center;\">\n\t\t  \t\t\t\t\t  \t\t\t\t  \t\n\t\t\t  \t\n<div class=\"content-section-content\">Salon de l\u2019Universit\u00e9 Carleton\u00a0: Des organismes communautaires partenaires tels que PAIRE prenaient part \u00e0 tous les \u00e9v\u00e9nements de l\u2019IDCO.<\/div>\n<br>\n\n\t\t\t  \t\t\t  \t<\/span>\n\t\t  <\/div>\n\t\t<\/div>\n\t\t\t\t<div class=\"carousel-caption\" style=\"background: none;\">\n\t\t  <div>\n\t\t  \t\t\t\t\t\t\t  \t<img decoding=\"async\" src=\"https:\/\/onleyinitiative.ca\/wp-content\/uploads\/2020\/04\/3515.jpg\" alt=\"A student sits with her service dog.\" class=\"ultimate-slide-img\" style=\"max-width: 100%; width: ; height: ; border-radius: 0px; margin-bottom: 15px;\">\n\t\t\t\t\t\t\t\t  \t<span class=\"content-section\" style=\"text-align: center;\">\n\t\t  \t\t\t\t\t  \t\t\t\t  \t\n\t\t\t  \t\n<div class=\"content-section-content\">Salon du Coll\u00e8ge Algonquin\u00a0: Des \u00e9tudiants et \u00e9tudiantes font la file pour assister au Salon des employeurs accessibles qui a eu lieu au Coll\u00e8ge Algonquin.<\/div>\n<br>\n\n\t\t\t  \t\t\t  \t<\/span>\n\t\t  <\/div>\n\t\t<\/div>\n\t\t\t\t<div class=\"carousel-caption\" style=\"background: none;\">\n\t\t  <div>\n\t\t  \t\t\t\t\t\t\t  \t<img decoding=\"async\" src=\"https:\/\/onleyinitiative.ca\/wp-content\/uploads\/2020\/04\/60.jpg\" alt=\"Two attendees pose at a DCOI photobooth activation.\" class=\"ultimate-slide-img\" style=\"max-width: 100%; width: ; height: ; border-radius: 0px; margin-bottom: 15px;\">\n\t\t\t\t\t\t\t\t  \t<span class=\"content-section\" style=\"text-align: center;\">\n\t\t  \t\t\t\t\t  \t\t\t\t  \t\n\t\t\t  \t\n<div class=\"content-section-content\">Salon du Coll\u00e8ge Algonquin\u00a0: Chacun des \u00e9v\u00e9nements de l\u2019IDCO \u00e9tait con\u00e7u pour permettre de satisfaire \u00e0 toutes les exigences relatives \u00e0 l\u2019accessibilit\u00e9 indiqu\u00e9es par les participants pendant l\u2019inscription en ligne.<\/div>\n<br>\n\n\t\t\t  \t\t\t  \t<\/span>\n\t\t  <\/div>\n\t\t<\/div>\n\t\t\t\t<div class=\"carousel-caption\" style=\"background: none;\">\n\t\t  <div>\n\t\t  \t\t\t\t\t\t\t  \t<img decoding=\"async\" src=\"https:\/\/onleyinitiative.ca\/wp-content\/uploads\/2020\/04\/2504.jpg\" alt=\"Four attendees engage in a panel discussion in front of an audience.\" class=\"ultimate-slide-img\" style=\"max-width: 100%; width: ; height: ; border-radius: 0px; margin-bottom: 15px;\">\n\t\t\t\t\t\t\t\t  \t<span class=\"content-section\" style=\"text-align: center;\">\n\t\t  \t\t\t\t\t  \t\t\t\t  \t\n\t\t\t  \t\n<div class=\"content-section-content\">Tout pour r\u00e9ussir\u00a0: L\u2019IDCO a anim\u00e9 des activit\u00e9s Bright Future lors d\u2019\u00e9v\u00e9nements destin\u00e9s aux \u00e9tudiants et \u00e9tudiantes en situation de handicap dans des \u00e9coles secondaires r\u00e9gionales.<\/div>\n<br>\n\n\t\t\t  \t\t\t  \t<\/span>\n\t\t  <\/div>\n\t\t<\/div>\n\t\t\t\t<div class=\"carousel-caption\" style=\"background: none;\">\n\t\t  <div>\n\t\t  \t\t\t\t\t\t\t  \t<img decoding=\"async\" src=\"https:\/\/onleyinitiative.ca\/wp-content\/uploads\/2020\/04\/1111.jpeg\" alt=\"Three attendees showcase their own AbleTo pledge cards.\" class=\"ultimate-slide-img\" style=\"max-width: 100%; width: ; height: ; border-radius: 0px; margin-bottom: 15px;\">\n\t\t\t\t\t\t\t\t  \t<span class=\"content-section\" style=\"text-align: center;\">\n\t\t  \t\t\t\t\t  \t\t\t\t  \t\n\t\t\t  \t\n<div class=\"content-section-content\">Foires d\u2019entrepreneuriat\u00a0: L\u2019IDCO a particip\u00e9 \u00e0 des \u00e9v\u00e9nements qui font la promotion des emplois traditionnels et \u00e0 d\u2019autres traitant d\u2019entrepreneuriat, comme la Legacy Conference.<\/div>\n<br>\n\n\t\t\t  \t\t\t  \t<\/span>\n\t\t  <\/div>\n\t\t<\/div>\n\t\t\t\t<\/section>\n\n\t\t<style>\n\t\t#tdt-slider-362 .slick-dots li button:before{\n\t\t\tcolor: #000;\n\t\t\tborder: 2px solid transparent;\n\t\t}\n\t\t#tdt-slider-362 .slick-next:before {\n\t\t\tcolor: #ffffff !important;\n\t\t\tfont-size: 30px !important;\n\t\t}\n\t\t#tdt-slider-362 .slick-prev:before {\n\t\t\tcolor: #ffffff !important;\n\t\t\tfont-size: 30px !important;\n\t\t}\n\t\t#tdt-slider-362 .slick-dots li.slick-active button:before {\n\t\t\topacity: 1 !important;\n\t\t}\n\t\t#tdt-slider-362.content-over-slider .slick-slide .content-section {\n\t\t\ttop: 30px;\n\t\t}\n\t\t#tdt-slider-362 .slick-slide {\n\t\t\tpadding: 0 10px !important;\n\t\t}\n\t\t@media only screen and (max-width: 480px) {\n\t\t\t#tdt-slider-362.content-over-slider .slick-slide .content-section {\n\t\t\t\ttop: 35px !important;\n\t\t\t}\n\t\t\t#tdt-slider-362.content-over-slider .ultimate-slide-img {\n\t\t\t\theight:  !important;\n\t\t\t}\n\t\t}\n\t\t<\/style>\n\t\t<\/div><\/div><\/div><\/div><\/section><section class=\"l-section wpb_row height_medium\" id=\"tweet-row-left\"><div class=\"l-section-overlay\" style=\"background:#fbca0b\"><\/div><div class=\"l-section-h i-cf\"><div class=\"g-cols vc_row via_grid cols_1-2 laptops-cols_inherit tablets-cols_inherit mobiles-cols_1 valign_top type_default stacking_default\"><div class=\"wpb_column vc_column_container us_custom_85734035\"><div class=\"vc_column-inner\"><div class=\"w-btn-wrapper align_none\"><a class=\"w-btn us-btn-style_3 us_custom_80a192e9 btn-touch icon_atright\" target=\" _blank\" rel=\"nofollow\" href=\"https:\/\/twitter.com\/intent\/tweet?text=DCOI was a truly collaborative project designed to raise awareness of the barriers that prevent many post-secondary students with disabilities from finding meaningful employment.&amp;url=https:\/\/onleyinitiative.ca\/events\/celebration-showcase\"><span class=\"w-btn-label\">TWEET THIS<\/span><i class=\"fab fa-x-twitter\"><svg style=\"width:1em; margin-bottom:-.1em;\" xmlns=\"http:\/\/www.w3.org\/2000\/svg\" viewbox=\"0 0 512 512\"><path fill=\"currentColor\" d=\"M389.2 48h70.6L305.6 224.2 487 464H345L233.7 318.6 106.5 464H35.8L200.7 275.5 26.8 48H172.4L272.9 180.9 389.2 48zM364.4 421.8h39.1L151.1 88h-42L364.4 421.8z\"\/><\/svg><\/i><\/a><\/div><div class=\"w-separator us_custom_814a3152 middle-sep has_text_color size_medium with_line width_default thick_2 style_solid color_border align_center\"><div class=\"w-separator-h\"><\/div><\/div><\/div><\/div><div class=\"wpb_column vc_column_container\"><div class=\"vc_column-inner\"><div class=\"wpb_text_column us_custom_4fb9e5a3 twitter-text\"><div class=\"wpb_wrapper\"><h2><strong>L\u2019IDCO \u00e9tait un vrai projet de collaboration visant \u00e0 mieux faire conna\u00eetre les barri\u00e8res qui emp\u00eachent beaucoup d\u2019\u00e9tudiants et \u00e9tudiantes de niveau postsecondaire en situation de handicap de trouver un emploi int\u00e9ressant et valorisant.<\/strong><\/h2>\n<\/div><\/div><\/div><\/div><\/div><\/div><\/section><section class=\"l-section wpb_row height_medium\" id=\"toolsandresources-row\"><div class=\"l-section-overlay\" style=\"background:#111d40\"><\/div><div class=\"l-section-h i-cf\"><div class=\"g-cols vc_row via_grid cols_2 laptops-cols_inherit tablets-cols_inherit mobiles-cols_1 valign_top type_default stacking_default\"><div class=\"wpb_column vc_column_container us_custom_4fb9e5a3 has_bg_color\"><div class=\"vc_column-inner\"><div class=\"wpb_text_column\" id=\"tools-resources-content\"><div class=\"wpb_wrapper\"><h1>Ressources<\/h1>\n<p>L\u2019IDCO s\u2019est pench\u00e9e sur les lacunes qui existaient dans plusieurs domaines et qui rendaient n\u00e9cessaire un meilleur soutien pour les \u00e9tudiants et \u00e9tudiantes de niveau postsecondaire en situation de handicap, de m\u00eame que pour les fournisseurs de services des campus et les employeurs. Nous avons constat\u00e9 un manque de fiches de conseils, de trousses \u00e0 outils, de guides et d\u2019autres documents semblables pour aider ces groupes. Nous avons donc \u00e9labor\u00e9 une gamme de ressources que nous avons diffus\u00e9es dans la collectivit\u00e9.<\/p>\n<p class=\" translation-block\">Alors que notre r\u00e9f\u00e9rentiel complet est toujours en cours de d\u00e9veloppement, nous vous invitons \u00e0 visiter notre page <a href=\"https:\/\/onleyinitiative.ca\/fr\/resources\/\" target=\"_blank\">Ressources<\/a> et \u00e0 continuer \u00e0 v\u00e9rifier au cours des prochaines semaines pour plus de mises \u00e0 jour.<\/p>\n<p>En septembre 2020, nous publierons le rapport de nos conclusions.<\/p>\n<\/div><\/div><\/div><\/div><div class=\"wpb_column vc_column_container\"><div class=\"vc_column-inner\"><div class=\"w-video is-english align_none ratio_16x9 has_iframe\" id=\"tools-video\"><div class=\"w-video-h\"><iframe title=\"Vimeo video player\" src=\"https:\/\/player.vimeo.com\/video\/411469534?byline=1&title=1&controls=1\" frameborder=\"0\" allow=\"autoplay; fullscreen\" allowfullscreen loading=\"lazy\"><\/iframe><\/div><div class=\"w-video-icon\" style=\"font-size:1.5rem;background:rgba(0,0,0,0.5);color:#fff\"><\/div><\/div><div class=\"w-video is-french align_none ratio_16x9 has_iframe\"><div class=\"w-video-h\"><iframe title=\"Vimeo video player\" src=\"https:\/\/player.vimeo.com\/video\/411468741?byline=1&title=1&controls=1\" frameborder=\"0\" allow=\"autoplay; fullscreen\" allowfullscreen loading=\"lazy\"><\/iframe><\/div><div class=\"w-video-icon\" style=\"font-size:1.5rem;background:rgba(0,0,0,0.5);color:#fff\"><\/div><\/div><div class=\"wpb_text_column\"><div class=\"wpb_wrapper\"><p style=\"color: #fff; text-align: center;\">Sous-titres disponibles dans les param\u00e8tres du lecteur<\/p>\n<\/div><\/div><\/div><\/div><\/div><\/div><\/section><section class=\"l-section wpb_row height_medium\" id=\"abletoimage-row\"><div class=\"l-section-h i-cf\"><div class=\"g-cols vc_row via_grid cols_1 laptops-cols_inherit tablets-cols_inherit mobiles-cols_1 valign_top type_default stacking_default\"><div class=\"wpb_column vc_column_container\"><div class=\"vc_column-inner\"><div class=\"w-image align_center\"><div class=\"w-image-h\"><img loading=\"lazy\" decoding=\"async\" width=\"1024\" height=\"535\" src=\"https:\/\/onleyinitiative.ca\/wp-content\/uploads\/2020\/04\/AbleTo-remove-barriers-FR-LinkedIn.png\" class=\"attachment-large size-large\" alt=\"Businesses are #AbleTo remove barriers for students and graduates with disabilities.\" srcset=\"https:\/\/onleyinitiative.ca\/wp-content\/uploads\/2020\/04\/AbleTo-remove-barriers-FR-LinkedIn.png 1200w, https:\/\/onleyinitiative.ca\/wp-content\/uploads\/2020\/04\/AbleTo-remove-barriers-FR-LinkedIn-300x157.png 300w, https:\/\/onleyinitiative.ca\/wp-content\/uploads\/2020\/04\/AbleTo-remove-barriers-FR-LinkedIn-1024x535.png 1024w\" sizes=\"auto, (max-width: 1024px) 100vw, 1024px\" \/><\/div><\/div><\/div><\/div><\/div><\/div><\/section><section class=\"l-section wpb_row height_medium\" id=\"one-movement-row\"><div class=\"l-section-h i-cf\"><div class=\"g-cols vc_row via_grid cols_2 laptops-cols_inherit tablets-cols_inherit mobiles-cols_1 valign_top type_default stacking_default\"><div class=\"wpb_column vc_column_container\"><div class=\"vc_column-inner\"><div class=\"wpb_text_column\"><div class=\"wpb_wrapper\"><h1>Un mouvement pour plusieurs client\u00e8les.<\/h1>\n<\/div><\/div><\/div><\/div><div class=\"wpb_column vc_column_container\"><div class=\"vc_column-inner\"><div class=\"wpb_text_column\"><div class=\"wpb_wrapper\"><p>Nous avons con\u00e7u une campagne de sensibilisation et d\u2019action qui souligne les exp\u00e9riences et les aptitudes des \u00e9tudiants et \u00e9tudiantes, des dipl\u00f4m\u00e9s et dipl\u00f4m\u00e9es en situation de handicap. La campagne #Pr\u00eat\u00c0 a mis en \u00e9vidence les \u00e9carts d\u2019emploi que connaissent ces \u00e9tudiants et \u00e9tudiantes et a mis fin \u00e0 certains mythes tenaces que peuvent entretenir les employeurs et les entrepreneurs d\u2019Ottawa au sujet de la capacit\u00e9 de travail des personnes en situation de handicap.<\/p>\n<\/div><\/div><\/div><\/div><\/div><\/div><\/section><section class=\"l-section wpb_row height_medium\"><div class=\"l-section-h i-cf\"><div class=\"g-cols vc_row via_grid cols_2 laptops-cols_inherit tablets-cols_inherit mobiles-cols_1 valign_top type_default stacking_default\"><div class=\"wpb_column vc_column_container\"><div class=\"vc_column-inner\"><div class=\"w-video align_none ratio_16x9 has_iframe\"><div class=\"w-video-h\"><iframe title=\"Vimeo video player\" src=\"https:\/\/player.vimeo.com\/video\/392293090?byline=1&title=1&controls=1\" frameborder=\"0\" allow=\"autoplay; fullscreen\" allowfullscreen loading=\"lazy\"><\/iframe><\/div><div class=\"w-video-icon\" style=\"font-size:1.5rem;background:rgba(0,0,0,0.5);color:#fff\"><\/div><\/div><div class=\"wpb_text_column video-text\"><div class=\"wpb_wrapper\"><p class=\" translation-block\">Nous avons produit <a href=\"https:\/\/ableto.ca\/fr\/histoirespretes\/\" target=\"_blank\"> une s\u00e9rie de vid\u00e9os et d\u2019histoires <\/a> pr\u00e9sentant des \u00e9tudiants et \u00e9tudiantes, des ambassadeurs et des employeurs afin de mieux illustrer les propos de notre campagne.<\/p>\n<\/div><\/div><\/div><\/div><div class=\"wpb_column vc_column_container\"><div class=\"vc_column-inner\"><div class=\"w-video is-english align_none ratio_16x9 has_iframe\"><div class=\"w-video-h\"><iframe title=\"Vimeo video player\" src=\"https:\/\/player.vimeo.com\/video\/374666535?byline=1&title=1&controls=1\" frameborder=\"0\" allow=\"autoplay; fullscreen\" allowfullscreen loading=\"lazy\"><\/iframe><\/div><div class=\"w-video-icon\" style=\"font-size:1.5rem;background:rgba(0,0,0,0.5);color:#fff\"><\/div><\/div><div class=\"w-video is-french align_none ratio_16x9 has_iframe\"><div class=\"w-video-h\"><iframe title=\"Vimeo video player\" src=\"https:\/\/player.vimeo.com\/video\/374669374?byline=1&title=1&controls=1\" frameborder=\"0\" allow=\"autoplay; fullscreen\" allowfullscreen loading=\"lazy\"><\/iframe><\/div><div class=\"w-video-icon\" style=\"font-size:1.5rem;background:rgba(0,0,0,0.5);color:#fff\"><\/div><\/div><div class=\"wpb_text_column video-text\"><div class=\"wpb_wrapper\"><p class=\" translation-block\">Nous avons \u00e9galement <a href=\"https:\/\/vimeo.com\/showcase\/6732704\" target=\"_blank\"> film\u00e9 les promesses #Pr\u00eat\u00c0 des recteurs et PDG des quatre \u00e9tablissements partenaires <\/a> en appui \u00e0 leurs \u00e9tudiants et \u00e9tudiantes.<\/p>\n<\/div><\/div><\/div><\/div><\/div><\/div><\/section><section class=\"l-section wpb_row height_medium width_full\" id=\"parallax-row1\"><div class=\"l-section-h i-cf\"><div class=\"g-cols vc_row via_grid cols_7-5 laptops-cols_inherit tablets-cols_inherit mobiles-cols_1 valign_top type_default stacking_default\"><div class=\"wpb_column vc_column_container\" id=\"parallax-row1-col1\"><div class=\"vc_column-inner\"><\/div><\/div><div class=\"wpb_column vc_column_container\"><div class=\"vc_column-inner\"><div class=\"w-image align_none\"><div class=\"w-image-h\"><img loading=\"lazy\" decoding=\"async\" width=\"1024\" height=\"695\" src=\"https:\/\/onleyinitiative.ca\/wp-content\/uploads\/2020\/04\/5e5969d30e5f04f433e4bbde_website-02-1024x695.png\" class=\"attachment-large size-large\" alt=\"\" srcset=\"https:\/\/onleyinitiative.ca\/wp-content\/uploads\/2020\/04\/5e5969d30e5f04f433e4bbde_website-02-1024x695.png 1024w, https:\/\/onleyinitiative.ca\/wp-content\/uploads\/2020\/04\/5e5969d30e5f04f433e4bbde_website-02-300x204.png 300w, https:\/\/onleyinitiative.ca\/wp-content\/uploads\/2020\/04\/5e5969d30e5f04f433e4bbde_website-02.png 1500w\" sizes=\"auto, (max-width: 1024px) 100vw, 1024px\" \/><\/div><\/div><\/div><\/div><\/div><\/div><\/section><section class=\"l-section wpb_row height_medium width_full\" id=\"parallax-row2\"><div class=\"l-section-h i-cf\"><div class=\"g-cols vc_row via_grid cols_5-7 laptops-cols_inherit tablets-cols_inherit mobiles-cols_1 valign_top type_default stacking_default\"><div class=\"wpb_column vc_column_container\"><div class=\"vc_column-inner\"><div class=\"w-image align_none\"><div class=\"w-image-h\"><img loading=\"lazy\" decoding=\"async\" width=\"1024\" height=\"696\" src=\"https:\/\/onleyinitiative.ca\/wp-content\/uploads\/2020\/04\/business-infokit-02-1024x696.png\" class=\"attachment-large size-large\" alt=\"\" srcset=\"https:\/\/onleyinitiative.ca\/wp-content\/uploads\/2020\/04\/business-infokit-02-1024x696.png 1024w, https:\/\/onleyinitiative.ca\/wp-content\/uploads\/2020\/04\/business-infokit-02-300x204.png 300w, https:\/\/onleyinitiative.ca\/wp-content\/uploads\/2020\/04\/business-infokit-02.png 1500w\" sizes=\"auto, (max-width: 1024px) 100vw, 1024px\" \/><\/div><\/div><\/div><\/div><div class=\"wpb_column vc_column_container\" id=\"parallax-row2-col2\"><div class=\"vc_column-inner\"><\/div><\/div><\/div><\/div><\/section><section class=\"l-section wpb_row height_huge width_full\" id=\"ableto-page\"><div class=\"l-section-h i-cf\"><div class=\"g-cols vc_row via_grid cols_1 laptops-cols_inherit tablets-cols_inherit mobiles-cols_1 valign_middle type_default stacking_default\"><div class=\"wpb_column vc_column_container\" id=\"ableto-page-row\"><div class=\"vc_column-inner\"><div class=\"wpb_text_column\" id=\"ableto-text\"><div class=\"wpb_wrapper\"><p>Cliquez sur le lien ci-dessous pour en apprendre davantage sur notre campagne #Pr\u00eat\u00c0, pour savoir comment nous avons mobilis\u00e9 les \u00e9tudiants et \u00e9tudiantes et les employeurs, et pour explorer nos vid\u00e9os et nos ressources.<\/p>\n<\/div><\/div><div class=\"w-btn-wrapper align_center\"><a class=\"w-btn us-btn-style_6 us_custom_80a192e9 ableto-link\" target=\" _blank\" rel=\"nofollow\" href=\"https:\/\/ableto.ca\"><span class=\"w-btn-label\">AbleTo.ca<\/span><\/a><\/div><\/div><\/div><\/div><\/div><\/section><section class=\"l-section wpb_row height_medium\" id=\"tweet-row-right\"><div class=\"l-section-overlay\" style=\"background:#fbca0b\"><\/div><div class=\"l-section-h i-cf\"><div class=\"g-cols vc_row via_grid cols_2-1 laptops-cols_inherit tablets-cols_inherit mobiles-cols_1 valign_top type_default stacking_default\"><div class=\"wpb_column vc_column_container\"><div class=\"vc_column-inner\"><div class=\"wpb_text_column us_custom_4fb9e5a3 twitter-text\"><div class=\"wpb_wrapper\"><h2>#Pr\u00eat\u00c0 \u00e9tait une campagne de sensibilisation et d\u2019action qui soulignait les exp\u00e9riences et les aptitudes des \u00e9tudiants et \u00e9tudiantes, des dipl\u00f4m\u00e9s et dipl\u00f4m\u00e9es en situation de handicap.<\/h2>\n<\/div><\/div><\/div><\/div><div class=\"wpb_column vc_column_container\"><div class=\"vc_column-inner\"><div class=\"w-btn-wrapper align_right\"><a class=\"w-btn us-btn-style_3 us_custom_80a192e9 btn-touch icon_atright\" title=\"Tweet This\" target=\" _blank\" rel=\"nofollow\" href=\"https:\/\/twitter.com\/intent\/tweet?text=#AbleTo was a campaign of awareness and action that embraces the experiences and capabilities of students and graduates with disabilities.&amp;url=https:\/\/onleyinitiative.ca\/events\/celebration-showcase\"><span class=\"w-btn-label\">TWEET THIS<\/span><i class=\"fab fa-x-twitter\"><svg style=\"width:1em; margin-bottom:-.1em;\" xmlns=\"http:\/\/www.w3.org\/2000\/svg\" viewbox=\"0 0 512 512\"><path fill=\"currentColor\" d=\"M389.2 48h70.6L305.6 224.2 487 464H345L233.7 318.6 106.5 464H35.8L200.7 275.5 26.8 48H172.4L272.9 180.9 389.2 48zM364.4 421.8h39.1L151.1 88h-42L364.4 421.8z\"\/><\/svg><\/i><\/a><\/div><div class=\"w-separator us_custom_814a3152 middle-sep has_text_color size_medium with_line width_default thick_2 style_solid color_border align_center\"><div class=\"w-separator-h\"><\/div><\/div><\/div><\/div><\/div><\/div><\/section><section class=\"l-section wpb_row height_medium\" id=\"partners-row\"><div class=\"l-section-h i-cf\"><div class=\"g-cols vc_row via_grid cols_2 laptops-cols_inherit tablets-cols_inherit mobiles-cols_1 valign_top type_default stacking_default\"><div class=\"wpb_column vc_column_container\" id=\"partner-content\"><div class=\"vc_column-inner\"><div class=\"wpb_text_column\"><div class=\"wpb_wrapper\"><h1>Nos partenaires continuent \u00e0 apporter leur soutien.<\/h1>\n<p>Nous avons toujours su que l\u2019Initiative prendrait fin un jour. Nous avons donc explor\u00e9 les nombreux aspects de notre travail et avons veill\u00e9 non seulement \u00e0 renforcer les capacit\u00e9s de nos partenaires, tant sur le campus que hors campus, mais \u00e9galement \u00e0 saisir les occasions de soutenir la p\u00e9rennit\u00e9 de nos efforts dans l\u2019ensemble de nos r\u00e9seaux.<\/p>\n<p>L\u2019\u00e9quipe de l\u2019IDCO a travaill\u00e9 \u00e9troitement avec de nombreux organismes, y compris certains de ces collaborateurs cl\u00e9s :<\/p>\n<\/div><\/div><div class=\"g-cols wpb_row via_grid cols_3 laptops-cols_inherit tablets-cols_inherit mobiles-cols_1 valign_top type_default stacking_default\" style=\"--gap:3rem;\" id=\"partner-logo-top\"><div class=\"wpb_column vc_column_container\"><div class=\"vc_column-inner\"><div class=\"w-image align_center\"><a target=\" _blank\" rel=\"nofollow\" href=\"https:\/\/earn-paire.ca\" aria-label=\"EARN ENG\" class=\"w-image-h\"><img loading=\"lazy\" decoding=\"async\" width=\"111\" height=\"70\" src=\"https:\/\/onleyinitiative.ca\/wp-content\/uploads\/2020\/04\/EARN-FR-1.png\" class=\"attachment-large size-large\" alt=\"Employment Accessibility Resource Network\" \/><\/a><\/div><\/div><\/div><div class=\"wpb_column vc_column_container\"><div class=\"vc_column-inner\"><div class=\"w-image align_center\"><a target=\" _blank\" rel=\"nofollow\" href=\"https:\/\/ottawaemploymenthub.ca\" aria-label=\"Ott Emp Hub\" class=\"w-image-h\"><img loading=\"lazy\" decoding=\"async\" width=\"126\" height=\"54\" src=\"https:\/\/onleyinitiative.ca\/wp-content\/uploads\/2020\/04\/Ott-Emp-Hub-FR-1.png\" class=\"attachment-large size-large\" alt=\"Ottawa Employment Hub\" \/><\/a><\/div><\/div><\/div><div class=\"wpb_column vc_column_container\"><div class=\"vc_column-inner\"><div class=\"w-image align_center\"><a target=\" _blank\" rel=\"nofollow\" href=\"https:\/\/www.ottawabot.ca\" aria-label=\"Ott BOT\" class=\"w-image-h\"><img loading=\"lazy\" decoding=\"async\" width=\"124\" height=\"49\" src=\"https:\/\/onleyinitiative.ca\/wp-content\/uploads\/2020\/04\/Ott-BOT.png\" class=\"attachment-large size-large\" alt=\"Ottawa Board of Trade\" \/><\/a><\/div><\/div><\/div><\/div><div class=\"g-cols wpb_row via_grid cols_3 laptops-cols_inherit tablets-cols_inherit mobiles-cols_1 valign_top type_default stacking_default\" style=\"--gap:3rem;\" id=\"partner-logo-bottom\"><div class=\"wpb_column vc_column_container\"><div class=\"vc_column-inner\"><div class=\"w-image align_center\"><a target=\" _blank\" rel=\"nofollow\" href=\"https:\/\/magnet.today\" aria-label=\"Magnet\" class=\"w-image-h\"><img loading=\"lazy\" decoding=\"async\" width=\"57\" height=\"64\" src=\"https:\/\/onleyinitiative.ca\/wp-content\/uploads\/2020\/04\/Magnet.png\" class=\"attachment-large size-large\" alt=\"Magnet\" \/><\/a><\/div><\/div><\/div><div class=\"wpb_column vc_column_container\"><div class=\"vc_column-inner\"><div class=\"w-image align_center\"><a target=\" _blank\" rel=\"nofollow\" href=\"https:\/\/ottawa.discoverability.network\" aria-label=\"DiscoverAbility\" class=\"w-image-h\"><img loading=\"lazy\" decoding=\"async\" width=\"196\" height=\"53\" src=\"https:\/\/onleyinitiative.ca\/wp-content\/uploads\/2020\/04\/DiscoverAbility.png\" class=\"attachment-large size-large\" alt=\"Discoverability Networks\" \/><\/a><\/div><\/div><\/div><div class=\"wpb_column vc_column_container\"><div class=\"vc_column-inner\"><div class=\"w-image align_center\"><a target=\" _blank\" rel=\"nofollow\" href=\"https:\/\/occ.ca\" aria-label=\"Ontario Chamber of Commerce\" class=\"w-image-h\"><img loading=\"lazy\" decoding=\"async\" width=\"115\" height=\"44\" src=\"https:\/\/onleyinitiative.ca\/wp-content\/uploads\/2020\/04\/Ontario-Chamber-of-Commerce.png\" class=\"attachment-large size-large\" alt=\"Ontario Chamber of Commerce\" \/><\/a><\/div><\/div><\/div><\/div><\/div><\/div><div class=\"wpb_column vc_column_container\"><div class=\"vc_column-inner\"><div class=\"w-image align_center\"><div class=\"w-image-h\"><img loading=\"lazy\" decoding=\"async\" width=\"998\" height=\"1024\" src=\"https:\/\/onleyinitiative.ca\/wp-content\/uploads\/2020\/04\/Partners-Image-1-cropped2-998x1024.jpg\" class=\"attachment-large size-large\" alt=\"A group of professionals ready to work together.\" srcset=\"https:\/\/onleyinitiative.ca\/wp-content\/uploads\/2020\/04\/Partners-Image-1-cropped2-998x1024.jpg 998w, https:\/\/onleyinitiative.ca\/wp-content\/uploads\/2020\/04\/Partners-Image-1-cropped2-292x300.jpg 292w, https:\/\/onleyinitiative.ca\/wp-content\/uploads\/2020\/04\/Partners-Image-1-cropped2-1497x1536.jpg 1497w, https:\/\/onleyinitiative.ca\/wp-content\/uploads\/2020\/04\/Partners-Image-1-cropped2-1996x2048.jpg 1996w\" sizes=\"auto, (max-width: 998px) 100vw, 998px\" \/><\/div><\/div><\/div><\/div><\/div><\/div><\/section><section class=\"l-section wpb_row height_medium\" id=\"dcoi-homepage-row\"><div class=\"l-section-overlay\" style=\"background:#bdc6d2\"><\/div><div class=\"l-section-h i-cf\"><div class=\"g-cols vc_row via_grid cols_2-1 laptops-cols_inherit tablets-cols_inherit mobiles-cols_1 valign_top type_default stacking_default\"><div class=\"wpb_column vc_column_container\"><div class=\"vc_column-inner\"><div class=\"wpb_text_column\"><div class=\"wpb_wrapper\"><h2>Pour rester connect\u00e9 \u00e0 l'initiative READ et \u00e0 ses travaux et \u00e0 d'autres projets, veuillez <a href=\"https:\/\/carleton.ca\/read\/\" target=\"_blank\" rel=\"noopener noreferrer\">cliquez ici<\/a>.<\/h2>\n<\/div><\/div><\/div><\/div><div class=\"wpb_column vc_column_container\"><div class=\"vc_column-inner\"><div class=\"w-btn-wrapper align_none\"><a class=\"w-btn us-btn-style_6 us_custom_f73f4019 dcoi-home-button\" target=\" _blank\" rel=\"nofollow\" href=\"https:\/\/carleton.ca\/read\/\"><span class=\"w-btn-label\">READ Initiative<\/span><\/a><\/div><\/div><\/div><\/div><\/div><\/section>","protected":false},"excerpt":{"rendered":"Celebration SHOWCASE The David C. Onley Initiative for Employment and Enterprise Development (DCOI), a project of the READ Initiative, was a collaborative partnership between the University of Ottawa, Algonquin College, La Cit\u00e9 and Carleton University. This page has been established to commemorate the work of the Initiative by showcasing some of the key milestones, activities...","protected":false},"author":1,"featured_media":1287,"parent":22,"menu_order":0,"comment_status":"closed","ping_status":"closed","template":"","meta":{"footnotes":""},"categories":[],"tags":[],"class_list":["post-1024","page","type-page","status-publish","has-post-thumbnail","hentry"],"_links":{"self":[{"href":"https:\/\/onleyinitiative.ca\/fr\/wp-json\/wp\/v2\/pages\/1024","targetHints":{"allow":["GET"]}}],"collection":[{"href":"https:\/\/onleyinitiative.ca\/fr\/wp-json\/wp\/v2\/pages"}],"about":[{"href":"https:\/\/onleyinitiative.ca\/fr\/wp-json\/wp\/v2\/types\/page"}],"author":[{"embeddable":true,"href":"https:\/\/onleyinitiative.ca\/fr\/wp-json\/wp\/v2\/users\/1"}],"replies":[{"embeddable":true,"href":"https:\/\/onleyinitiative.ca\/fr\/wp-json\/wp\/v2\/comments?post=1024"}],"version-history":[{"count":156,"href":"https:\/\/onleyinitiative.ca\/fr\/wp-json\/wp\/v2\/pages\/1024\/revisions"}],"predecessor-version":[{"id":11372,"href":"https:\/\/onleyinitiative.ca\/fr\/wp-json\/wp\/v2\/pages\/1024\/revisions\/11372"}],"up":[{"embeddable":true,"href":"https:\/\/onleyinitiative.ca\/fr\/wp-json\/wp\/v2\/pages\/22"}],"wp:featuredmedia":[{"embeddable":true,"href":"https:\/\/onleyinitiative.ca\/fr\/wp-json\/wp\/v2\/media\/1287"}],"wp:attachment":[{"href":"https:\/\/onleyinitiative.ca\/fr\/wp-json\/wp\/v2\/media?parent=1024"}],"wp:term":[{"taxonomy":"category","embeddable":true,"href":"https:\/\/onleyinitiative.ca\/fr\/wp-json\/wp\/v2\/categories?post=1024"},{"taxonomy":"post_tag","embeddable":true,"href":"https:\/\/onleyinitiative.ca\/fr\/wp-json\/wp\/v2\/tags?post=1024"}],"curies":[{"name":"wp","href":"https:\/\/api.w.org\/{rel}","templated":true}]}}