{"id":22,"date":"2019-04-04T09:56:42","date_gmt":"2019-04-04T09:56:42","guid":{"rendered":"http:\/\/doci.arcsqc.com\/?page_id=22"},"modified":"2023-10-27T15:14:45","modified_gmt":"2023-10-27T19:14:45","slug":"events","status":"publish","type":"page","link":"https:\/\/onleyinitiative.ca\/fr\/events\/","title":{"rendered":"\u00c9v\u00e9nements"},"content":{"rendered":"<section class=\"l-section wpb_row top-events height_medium\" id=\"top-banner\"><div class=\"l-section-overlay\" style=\"background:rgba(123,138,163,0.5)\"><\/div><div class=\"l-section-h i-cf\"><div class=\"g-cols vc_row via_grid cols_1 laptops-cols_inherit tablets-cols_inherit mobiles-cols_1 valign_top type_default stacking_default\"><div class=\"wpb_column vc_column_container\"><div class=\"vc_column-inner\"><div class=\"wpb_text_column us_custom_3fb4e952\"><div class=\"wpb_wrapper\"><h1 title=\"L\u2019Initiative David C. Onley\"><strong>L\u2019Initiative David C. Onley<\/strong><\/h1>\n<h2 title=\"\u00c9v\u00e9nements\"><strong>\u00c9v\u00e9nements<\/strong><\/h2>\n<\/div><\/div><div class=\"w-image banner-img events-img style_shadow-1 align_right\"><div class=\"w-image-h\"><img loading=\"lazy\" decoding=\"async\" width=\"1024\" height=\"683\" src=\"https:\/\/onleyinitiative.ca\/wp-content\/uploads\/2019\/06\/iStock-962687720-1024x683.jpg\" class=\"attachment-large size-large\" alt=\"A conference room with business people speaking.\" srcset=\"https:\/\/onleyinitiative.ca\/wp-content\/uploads\/2019\/06\/iStock-962687720-1024x683.jpg 1024w, https:\/\/onleyinitiative.ca\/wp-content\/uploads\/2019\/06\/iStock-962687720-300x200.jpg 300w\" sizes=\"auto, (max-width: 1024px) 100vw, 1024px\" \/><\/div><\/div><\/div><\/div><\/div><\/div><\/section><section class=\"l-section wpb_row height_medium\" id=\"purple-back\"><div class=\"l-section-overlay\" style=\"background:#201042\"><\/div><div class=\"l-section-h i-cf\"><div class=\"g-cols vc_row via_grid cols_1 laptops-cols_inherit tablets-cols_inherit mobiles-cols_1 valign_top type_default stacking_default\"><div class=\"wpb_column vc_column_container\"><div class=\"vc_column-inner\"><div class=\"g-cols wpb_row via_grid cols_1 laptops-cols_inherit tablets-cols_inherit mobiles-cols_1 valign_top type_default stacking_default\" style=\"--gap:3rem;\"><div class=\"wpb_column vc_column_container purple-inner\"><div class=\"vc_column-inner\"><div class=\"wpb_text_column\"><div class=\"wpb_wrapper\"><h2 style=\"display: none;\"><strong>Carri\u00e8re Kickstart! Rejoignez-nous.<\/strong><\/h2>\n<h2><strong>Possibilit\u00e9s d'emploi accessibles et partenariats en action<\/strong><\/h2>\n<\/div><\/div><\/div><\/div><\/div><\/div><\/div><\/div><\/div><\/section><section class=\"l-section wpb_row us_custom_e11ab399 height_medium\" id=\"forth-row\"><div class=\"l-section-h i-cf\"><div class=\"g-cols vc_row via_grid cols_2-1 laptops-cols_inherit tablets-cols_inherit mobiles-cols_1 valign_top type_default stacking_default\"><div class=\"wpb_column vc_column_container us_custom_e11ab399\"><div class=\"vc_column-inner\"><\/div><\/div><div class=\"wpb_column vc_column_container\"><div class=\"vc_column-inner\"><\/div><\/div><\/div><\/div><\/section><section class=\"l-section wpb_row height_medium\"><div class=\"l-section-h i-cf\"><div class=\"g-cols vc_row via_grid cols_2-1 laptops-cols_inherit tablets-cols_inherit mobiles-cols_1 valign_top type_default stacking_default\"><div class=\"wpb_column vc_column_container\"><div class=\"vc_column-inner\"><div class=\"wpb_text_column us_custom_e11ab399\" id=\"join-us\"><div class=\"wpb_wrapper\"><div id=\"anchor-1\" class=\"u-block u-block--white\">\n<div class=\"b-text-columns u-width-small\">\n<div class=\"u-grid u-grid--block\">\n<div class=\"u-grid-item u-grid-item--1\">Joignez-vous \u00e0 nous. Nous nous r\u00e9unissons r\u00e9guli\u00e8rement avec des \u00e9tudiants, des employeurs et d'autres partenaires pour \u00e9tablir des relations, mettre en contact les recruteurs avec les chercheurs d'emploi et explorer de nouvelles possibilit\u00e9s de collaboration. Ces \u00e9v\u00e9nements d'engagement permettent de d\u00e9couvrir et de partager des id\u00e9es et des m\u00e9thodes qui aident tout le monde \u00e0 participer \u00e0 la cr\u00e9ation de voies d'acc\u00e8s \u00e0 l'emploi et \u00e0 la r\u00e9ussite professionnelle des \u00e9tudiants handicap\u00e9s. Vous voulez les derni\u00e8res mises \u00e0 jour de l'\u00e9v\u00e9nement? Suivez-nous sur <a href=\"https:\/\/twitter.com\/OnleyInitiative\">Twitter<\/a>, <a href=\"https:\/\/www.facebook.com\/OnleyInitiative\/\">Facebook<\/a> et <a href=\"https:\/\/ca.linkedin.com\/company\/david-c-onley-initiative-for-employment-and-enterprise-development\">LinkedIn<\/a>.<\/div>\n<\/div>\n<\/div>\n<\/div>\n<\/div><\/div><div class=\"w-separator size_custom\" style=\"height:32px\"><\/div><div class=\"wpb_text_column\"><div class=\"wpb_wrapper\"><h2><strong>\u00c9v\u00e9nements actuels<\/strong><\/h2>\n<\/div><\/div><div class=\"wpb_text_column\"><div class=\"wpb_wrapper\"><p>Aucune information sur les \u00e9v\u00e9nements en cours n'est disponible pour l'instant.  Revenez bient\u00f4t pour plus de d\u00e9tails !<\/p>\n<\/div><\/div><div class=\"w-separator size_custom\" style=\"height:32px\"><\/div><div class=\"wpb_text_column\"><div class=\"wpb_wrapper\"><h2><strong>\u00c9v\u00e9nements pass\u00e9s<\/strong><\/h2>\n<\/div><\/div><div class=\"wpb_text_column\"><div class=\"wpb_wrapper\"><p>L\u2019Initiative Onley organise des activit\u00e9s qui mobilisent les parties prenantes et les partenaires de la collectivit\u00e9 et qui visent \u00e0 am\u00e9liorer la situation d\u2019emploi des \u00e9tudiants en situation de handicap.  Visionnez ces quelques extraits vid\u00e9o de notre r\u00e9cent Salon des employeurs accessibles \u00e0 l\u2019Universit\u00e9 Carleton, au Coll\u00e8ge Algonquin et \u00e0 l\u2019Universit\u00e9 d\u2019Ottawa.<\/p>\n<\/div><\/div>\n\t<div class=\"wpb_raw_code wpb_content_element wpb_raw_html\" id=\"eng-frame\">\n\t\t<div class=\"wpb_wrapper\">\n\t\t\t<iframe loading=\"lazy\" title=\"Accessible Employer Showcases at Carleton University\" class=\"youtube-player\" width=\"100%\" height=\"385\" src=\"https:\/\/www.youtube.com\/embed\/GQb-oN9a2R8\" frameborder=\"0\" allow=\"accelerometer; autoplay; encrypted-media; gyroscope; picture-in-picture\" allowfullscreen><\/iframe>\n\t\t<\/div>\n\t<\/div>\n<div class=\"w-separator size_custom\" style=\"height:32px\"><\/div>\n\t<div class=\"wpb_raw_code wpb_content_element wpb_raw_html forth-inner\" >\n\t\t<div class=\"wpb_wrapper\">\n\t\t\t<div class=\"div-date\">OCT\n8<\/div>\n<div class=\"div-time\">\n<a href=\"https:\/\/onleyinitiative.ca\/fr\/careers-in-government\/\">\n<p class=\"top\">12:00 pm<\/p>\n<p class=\"bottom\">4:30 pm<\/p>\n<\/a>\n\n<\/div>\n<div class=\"div-content\">\n<a href=\"https:\/\/onleyinitiative.ca\/fr\/careers-in-government\/\"><p class=\"top\">Carri\u00e8res au gouvernement<\/p>\n<p class=\"bottom\">Centre Shaw, 55 Colonel By Drive, Ottawa, ON K1N 9J2<\/p>\n<\/a>\n<\/div>\n\t\t<\/div>\n\t<\/div>\n\n\t<div class=\"wpb_raw_code wpb_content_element wpb_raw_html\" id=\"fr-frame\">\n\t\t<div class=\"wpb_wrapper\">\n\t\t\t<iframe loading=\"lazy\" title=\"Vitrine des employeurs accessibles \u00e0 l'Universit\u00e9 Carleton\" class=\"youtube-player\" width=\"100%\" height=\"385\" src=\"https:\/\/www.youtube.com\/embed\/LqOyFLS2Gwc\" frameborder=\"0\" allow=\"accelerometer; autoplay; encrypted-media; gyroscope; picture-in-picture\" allowfullscreen><\/iframe>\n\t\t<\/div>\n\t<\/div>\n<div class=\"w-separator size_custom\" style=\"height:32px\"><\/div>\n\t<div class=\"wpb_raw_code wpb_content_element wpb_raw_html forth-inner\" >\n\t\t<div class=\"wpb_wrapper\">\n\t\t\t<div class=\"div-date\">APR\n30<\/div>\n<div class=\"div-time\">\n<a href=\"https:\/\/onleyinitiative.ca\/fr\/career-kickstart-event\/\">\n<p class=\"top\">3:30 pm<\/p>\n<p class=\"bottom\">7:30 pm<\/p>\n<\/a>\n\n<\/div>\n<div class=\"div-content\">\n<a href=\"https:\/\/onleyinitiative.ca\/fr\/career-kickstart-event\/\"><p class=\"top\">Carri\u00e8re Kickstart! Parcours d'emploi pour les \u00e9tudiants des coll\u00e8ges et universit\u00e9s<\/p>\n<p class=\"bottom\">La Cite Collegiale, 801 Aviation Pkwy, Ottawa, ON K1K 4R3<\/p>\n<\/a>\n<\/div>\n\t\t<\/div>\n\t<\/div>\n<div class=\"wpb_text_column\"><div class=\"wpb_wrapper\"><p>Un \u00e9v\u00e9nement visant \u00e0 \u00ab d\u00e9marrer la carri\u00e8re \u00bb des \u00e9tudiants et des nouveaux dipl\u00f4m\u00e9s en situation de handicap du Coll\u00e8ge Algonquin, de l\u2019Universit\u00e9 Carleton, de La Cit\u00e9 coll\u00e9giale et de l\u2019Universit\u00e9 d\u2019Ottawa, qui leur permet d\u2019en apprendre davantage sur les parcours professionnels pouvant mener \u00e0 des opportunit\u00e9s gratifiantes de choix de carri\u00e8re, tout en renfor\u00e7ant leurs comp\u00e9tences et en enrichissant leurs exp\u00e9riences professionnelles.<\/p>\n<p>Les \u00e9tudiants ont particip\u00e9 \u00e0 des tables rondes pour \u00e9changer des id\u00e9es dans un environnement s\u00e9curitaire, confidentiel et inclusif et mieux cerner leurs besoins en mati\u00e8re de carri\u00e8re et d\u2019emploi ainsi que leur acc\u00e8s aux services de soutien disponibles sur les campus.<\/p>\n<p>La Commission de la fonction publique (CFP) a fait le point sur le processus de demande d\u2019emploi au gouvernement f\u00e9d\u00e9ral, mettant l\u2019accent sur les programmes de recrutement de dipl\u00f4m\u00e9s dans la fonction publique, comme le PFETE (Programme f\u00e9d\u00e9ral d\u2019exp\u00e9rience de travail \u00e9tudiant). D\u2019autres communications de recruteurs postsecondaires de la CFP ont expliqu\u00e9 les nombreux cheminements de carri\u00e8re qui s\u2019offrent aux \u00e9tudiants en situation de handicap et la fa\u00e7on dont ceux ci peuvent se pr\u00e9parer aux prochaines campagnes de recrutement.<\/p>\n<p>La soir\u00e9e s\u2019est termin\u00e9e par un Salon de r\u00e9seautage de la CFP repr\u00e9sentant diff\u00e9rents minist\u00e8res, o\u00f9 les \u00e9tudiants ont engag\u00e9 des discussions individuelles avec les employeurs en vue d\u2019explorer les possibilit\u00e9s d\u2019emploi.<\/p>\n<p>\u2022 La Cit\u00e9 Coll\u00e9giale &#8211; April 30, 2019<br \/>\n\u2022 <a href=\"https:\/\/carleton.ca\/onleyinitiative\/wp-content\/uploads\/Employers-Attending-Career-Kickstart-Event-April-30th-Accessible.pdf\">Liste des employeurs qui ont particip\u00e9<\/a><\/p>\n<\/div><\/div><\/div><\/div><div class=\"wpb_column vc_column_container\"><div class=\"vc_column-inner\"><\/div><\/div><\/div><\/div><\/section><section class=\"l-section wpb_row height_medium\" id=\"fifth-row\"><div class=\"l-section-h i-cf\"><div class=\"g-cols vc_row via_grid cols_2-1 laptops-cols_inherit tablets-cols_inherit mobiles-cols_1 valign_top type_default stacking_default\"><div class=\"wpb_column vc_column_container\"><div class=\"vc_column-inner\"><div class=\"w-separator us_custom_c822cfd9 has_text_color size_large with_line width_default thick_1 style_solid color_border align_center\"><div class=\"w-separator-h\"><\/div><\/div>\n\t<div class=\"wpb_raw_code wpb_content_element wpb_raw_html forth-inner\" >\n\t\t<div class=\"wpb_wrapper\">\n\t\t\t<\/a>\n\n<\/div>\n<div class=\"div-content\">\n<p class=\"top\">Salons de l\u2019employeur accessible \u2013 R\u00e9seautage et perspectives de carri\u00e8re <\/p>\n\n\t\t<\/div>\n\t<\/div>\n<div class=\"wpb_text_column\"><div class=\"wpb_wrapper\"><p>Cette s\u00e9rie d\u2019\u00e9v\u00e9nements s\u2019adressait aux \u00e9tudiants universitaires qui se disent en situation de handicap visible ou non visible et qui souhaitent en apprendre davantage sur les employeurs qui offrent des milieux de travail accessibles. Tenus dans nos quatre \u00e9tablissements partenaires, ces \u00e9v\u00e9nements ont \u00e9t\u00e9 cr\u00e9\u00e9s dans le but d\u2019aider les \u00e9tudiants et les nouveaux dipl\u00f4m\u00e9s \u00e0 rencontrer des entreprises de toutes tailles de la r\u00e9gion qui comprennent et appr\u00e9cient les avantages d\u2019un milieu de travail ouvert et accessible. Dans le cadre de cette \u00ab r\u00e9ception de r\u00e9seautage pour connexions de carri\u00e8re \u00bb, les \u00e9tudiants et les dipl\u00f4m\u00e9s ont eu la possibilit\u00e9 de cr\u00e9er des relations et des r\u00e9seaux avec des employeurs pour explorer des possibilit\u00e9s de carri\u00e8re int\u00e9ressantes avec des organisations qui comprennent l\u2019importance de cr\u00e9er un milieu de travail accessible, diversifi\u00e9 et inclusif. Sur place, nos ambassadeurs de r\u00e9seautage ont donn\u00e9 des conseils et un soutien aux \u00e9tudiants pour faciliter les \u00e9changes avec les employeurs qu\u2019ils voulaient rencontrer. Ces \u00e9v\u00e9nements ont \u00e9galement offert une \u00ab tribune pour l\u2019\u00e9change d\u2019id\u00e9es \u00bb, o\u00f9 les \u00e9tudiants ont pu entendre les t\u00e9moignages d\u2019organisations engag\u00e9es \u00e0 embaucher la bonne personne pour le bon poste, et ils ont pu entendre de vive voix des histoires de succ\u00e8s d\u2019autres \u00e9tudiants.<\/p>\n<ul>\n<li>Carleton University &#8211; March 6, 2019 (<a href=\"https:\/\/carleton.ca\/onleyinitiative\/wp-content\/uploads\/Employers-Attending-Carleton-Accessible-Employer-Showcase-on-March-6th-Accessible.pdf\">Liste des employeurs qui ont particip\u00e9<\/a>)<\/li>\n<li>Algonquin College &#8211; March 13, 2019 (<a href=\"https:\/\/carleton.ca\/onleyinitiative\/wp-content\/uploads\/Employers-Attending-Algonquin-Accessible-Employer-Showcase-on-March-13th-Accessible.pdf\">Liste des employeurs qui ont particip\u00e9<\/a>)<\/li>\n<li>University of Ottawa &#8211; March 25, 2019 (<a href=\"https:\/\/carleton.ca\/onleyinitiative\/wp-content\/uploads\/Employers-Attending-OttawaU-Accessible-Employer-Showcase-on-March-25th-Accessible.pdf\">Liste des employeurs qui ont particip\u00e9<\/a>)<\/li>\n<\/ul>\n<\/div><\/div><div class=\"wpb_text_column\"><div class=\"wpb_wrapper\"><p><a style=\"display: none;\" title=\"Download Acrobat Reader\" href=\"https:\/\/get.adobe.com\/reader\/\">Download Acrobat Reader<\/a><\/p>\n<\/div><\/div><\/div><\/div><div class=\"wpb_column vc_column_container\"><div class=\"vc_column-inner\"><\/div><\/div><\/div><\/div><\/section>","protected":false},"excerpt":{"rendered":"David C. Onley Initiative Events Career Kickstart! Join us. Accessible Employment Opportunities and Partnerships In Action Join us. We gather with students, employers and other partners regularly to build relationships, connect recruiters with job seekers, and explore new opportunities for collaboration. These engagement events uncover and share ideas and methods that help everyone take part...","protected":false},"author":1,"featured_media":0,"parent":0,"menu_order":0,"comment_status":"closed","ping_status":"closed","template":"","meta":{"footnotes":""},"categories":[],"tags":[],"class_list":["post-22","page","type-page","status-publish","hentry"],"_links":{"self":[{"href":"https:\/\/onleyinitiative.ca\/fr\/wp-json\/wp\/v2\/pages\/22","targetHints":{"allow":["GET"]}}],"collection":[{"href":"https:\/\/onleyinitiative.ca\/fr\/wp-json\/wp\/v2\/pages"}],"about":[{"href":"https:\/\/onleyinitiative.ca\/fr\/wp-json\/wp\/v2\/types\/page"}],"author":[{"embeddable":true,"href":"https:\/\/onleyinitiative.ca\/fr\/wp-json\/wp\/v2\/users\/1"}],"replies":[{"embeddable":true,"href":"https:\/\/onleyinitiative.ca\/fr\/wp-json\/wp\/v2\/comments?post=22"}],"version-history":[{"count":103,"href":"https:\/\/onleyinitiative.ca\/fr\/wp-json\/wp\/v2\/pages\/22\/revisions"}],"predecessor-version":[{"id":11362,"href":"https:\/\/onleyinitiative.ca\/fr\/wp-json\/wp\/v2\/pages\/22\/revisions\/11362"}],"wp:attachment":[{"href":"https:\/\/onleyinitiative.ca\/fr\/wp-json\/wp\/v2\/media?parent=22"}],"wp:term":[{"taxonomy":"category","embeddable":true,"href":"https:\/\/onleyinitiative.ca\/fr\/wp-json\/wp\/v2\/categories?post=22"},{"taxonomy":"post_tag","embeddable":true,"href":"https:\/\/onleyinitiative.ca\/fr\/wp-json\/wp\/v2\/tags?post=22"}],"curies":[{"name":"wp","href":"https:\/\/api.w.org\/{rel}","templated":true}]}}